{"id":1960,"date":"2026-01-27T16:04:15","date_gmt":"2026-01-27T16:04:15","guid":{"rendered":"https:\/\/luminavillasalgarve.com\/lumina-villas-homepage-villas-no-algarve-carvoeiro\/"},"modified":"2026-03-09T19:45:58","modified_gmt":"2026-03-09T19:45:58","slug":"lumina-villas-homepage-villas-no-algarve-carvoeiro","status":"publish","type":"page","link":"https:\/\/luminavillasalgarve.com\/pt-pt\/","title":{"rendered":"Lumina Villas &#8211; Homepage &#8211; Villas no Algarve, Carvoeiro"},"content":{"rendered":"<section class=\"l-section wpb_row height_medium full_height valign_center width_full with_video\"><div id=\"us_bg_video_mfc7\" class=\"l-section-video\"><script id=\"us_bg_video_mfc7-script\">!function(w){var node = document.getElementById( 'us_bg_video_mfc7' );if ( w.innerWidth <= 1 ) { node.remove() }}(window);<\/script><style>@media(max-width:1px){#us_bg_video_mfc7{display:none!important}}<\/style><video  autoplay loop muted playsinline preload=\"auto\" tabindex=\"-1\"><source type=\"video\/mp4\" src=\"https:\/\/luminavillasalgarve.com\/wp-content\/uploads\/2026\/01\/VIDEO-PROMOCIONAL-cutRMM.mp4\" \/><\/video><\/div><div class=\"l-section-overlay\" style=\"background:rgba(0,0,0,0.20)\"><\/div><div class=\"l-section-h i-cf\"><div class=\"g-cols vc_row via_grid cols_1-2-1 laptops-cols_inherit tablets-cols_inherit mobiles-cols_1 valign_top type_default stacking_default\"><div class=\"wpb_column vc_column_container\"><div class=\"vc_column-inner\"><\/div><\/div><div class=\"wpb_column vc_column_container\"><div class=\"vc_column-inner\"><div class=\"wpb_text_column\"><div class=\"wpb_wrapper\"><h1 style=\"text-align: center;\"><span style=\"color: #ffffff;\">o seu O\u00c1SIS PRIVADO<\/span><\/h1>\n<\/div><\/div><\/div><\/div><div class=\"wpb_column vc_column_container\"><div class=\"vc_column-inner\"><\/div><\/div><\/div><\/div><\/section><section class=\"l-section wpb_row us_custom_127587ca height_medium\"><div class=\"l-section-h i-cf\"><div class=\"g-cols vc_row via_grid cols_3 laptops-cols_inherit tablets-cols_inherit mobiles-cols_1 valign_top type_default stacking_default\"><div class=\"wpb_column vc_column_container\"><div class=\"vc_column-inner\"><\/div><\/div><div class=\"wpb_column vc_column_container\"><div class=\"vc_column-inner\">[vc_empty_space height=&#8221;100px&#8221;]<div class=\"wpb_text_column\"><div class=\"wpb_wrapper\"><p style=\"text-align: center; font-size: 16px; font-weight: 200;\"><span class=\"JsGRdQ\" style=\"color: #ffffff;\">Onde o tempo desacelera. E a vida acontece ao seu ritmo. Lumina Villas no Carvoeiro, Algarve. <\/span><\/p>\n<p style=\"text-align: center; font-size: 16px; font-weight: 200;\"><span class=\"JsGRdQ\" style=\"color: #ffffff;\">Uma comunidade privada de villas totalmente equipadas no nosso pitoresco Carvoeiro, concebidas para uma viv\u00eancia interior-exterior sem esfor\u00e7o, com jardins e terra\u00e7os privativos. Reserve j\u00e1 para garantir as suas datas preferidas e viver as f\u00e9rias algarvias com que sempre sonhou. <\/span><\/p>\n<p><span><embed src=\"https:\/\/luminavillasalgarve.com\/wp-content\/uploads\/2023\/03\/Melro-HMV-.mp3\" width=\"1\" height=\"1\" data-mce-fragment=\"1\"><\/embed><\/span><\/p>\n<\/div><\/div>[vc_empty_space height=&#8221;100px&#8221;]<\/div><\/div><div class=\"wpb_column vc_column_container hide_on_tablets hide_on_mobiles\"><div class=\"vc_column-inner\"><\/div><\/div><\/div><\/div><\/section><section class=\"l-section wpb_row height_medium full_height valign_center width_full with_video\"><div id=\"us_bg_video_m15d\" class=\"l-section-video\"><script id=\"us_bg_video_m15d-script\">!function(w){var node = document.getElementById( 'us_bg_video_m15d' );if ( w.innerWidth <= 1 ) { node.remove() }}(window);<\/script><style>@media(max-width:1px){#us_bg_video_m15d{display:none!important}}<\/style><video  autoplay loop muted playsinline preload=\"auto\" tabindex=\"-1\"><source type=\"video\/mp4\" src=\"https:\/\/luminavillasalgarve.com\/wp-content\/uploads\/2026\/01\/VideoProfissional_RM.mp4\" \/><\/video><\/div><div class=\"l-section-overlay\" style=\"background:rgba(0,0,0,0.20)\"><\/div><div class=\"l-section-h i-cf\"><div class=\"g-cols vc_row via_grid cols_1-2-1 laptops-cols_inherit tablets-cols_inherit mobiles-cols_1 valign_top type_default stacking_default\"><div class=\"wpb_column vc_column_container\"><div class=\"vc_column-inner\"><\/div><\/div><div class=\"wpb_column vc_column_container\"><div class=\"vc_column-inner\"><div class=\"wpb_text_column\"><div class=\"wpb_wrapper\"><h1 style=\"text-align: center;\"><span style=\"color: #ffffff;\">no CORA\u00c7\u00c3O DO ALGARVE<\/span><\/h1>\n<\/div><\/div><\/div><\/div><div class=\"wpb_column vc_column_container\"><div class=\"vc_column-inner\"><\/div><\/div><\/div><\/div><\/section><section class=\"l-section wpb_row us_custom_4fb9e5a3 height_medium\"><div class=\"l-section-h i-cf\"><div class=\"g-cols vc_row via_grid cols_1-2-1 laptops-cols_inherit tablets-cols_inherit mobiles-cols_1 valign_top type_default stacking_default\"><div class=\"wpb_column vc_column_container\"><div class=\"vc_column-inner\"><\/div><\/div><div class=\"wpb_column vc_column_container\"><div class=\"vc_column-inner\">[vc_empty_space height=&#8221;120px&#8221;]<div class=\"wpb_text_column\"><div class=\"wpb_wrapper\"><h2 style=\"text-align: center;\">LUMINA VILLAS \u2013 O RESORT<br \/>\nao seu ritmo<\/h2>\n<\/div><\/div>[vc_empty_space]<div class=\"wpb_text_column\"><div class=\"wpb_wrapper\"><p style=\"text-align: center; font-size: 16px; font-weight: 200;\">Mais do que uma villa. Uma forma de estar de f\u00e9rias. O Lumina Villas \u00e9 uma comunidade cuidada onde o ritmo do dia \u00e9 inteiramente definido por si. Caminhos amplos convidam a passeios matinais descontra\u00eddos. Os espa\u00e7os partilhados foram concebidos para o tipo de tranquilidade que s\u00f3 acontece quando tudo foi pensado \u2014 para que nunca tenha de se preocupar. E para l\u00e1 dos port\u00f5es, o acolhimento e a vida do Carvoeiro faz o resto, o melhor est\u00e1 pr\u00f3ximo, com a praia e a vila a um curto passeio. Quer seja em casal, em fam\u00edlia ou com um grupo de amigos, a vida aqui encontra o seu pr\u00f3prio ritmo, sem pressa.<\/p>\n<\/div><\/div>[vc_empty_space height=&#8221;60px&#8221;]<div class=\"w-btn-wrapper align_center\"><a class=\"w-btn us-btn-style_4\" title=\"Lumina Villas\" href=\"https:\/\/www.secure-hotel-booking.com\/d-edge\/Lumina-Villas\/J6ZU\/pt-PT\/DateSelection\"><span class=\"w-btn-label\">RESERVE J\u00c1<\/span><\/a><\/div>[vc_empty_space height=&#8221;120px&#8221;]<\/div><\/div><div class=\"wpb_column vc_column_container\"><div class=\"vc_column-inner\"><\/div><\/div><\/div><\/div><\/section><section class=\"l-section wpb_row us_custom_734c0f1a height_medium full_height valign_center width_full with_img\"><div class=\"l-section-img\" role=\"img\" aria-label=\"Lumina Villas in Carvoeiro\" data-img-width=\"1600\" data-img-height=\"900\" style=\"background-image: url(https:\/\/luminavillasalgarve.com\/wp-content\/uploads\/2026\/01\/BDS-10-1.jpg);\"><\/div><div class=\"l-section-h i-cf\"><div class=\"g-cols vc_row via_grid cols_custom laptops-cols_inherit tablets-cols_inherit mobiles-cols_1 valign_middle type_default stacking_default\" style=\"--columns-gap:0rem;--custom-columns:0.5fr 5fr 0.5fr \"><div class=\"wpb_column vc_column_container\"><div class=\"vc_column-inner\"><\/div><\/div><div class=\"wpb_column vc_column_container\"><div class=\"vc_column-inner\">[vc_empty_space height=&#8221;600px&#8221;]<\/div><\/div><div class=\"wpb_column vc_column_container\"><div class=\"vc_column-inner\"><\/div><\/div><\/div><\/div><\/section><section class=\"l-section wpb_row us_custom_4fb9e5a3 height_medium\"><div class=\"l-section-h i-cf\"><div class=\"g-cols vc_row via_grid cols_1-2-1 laptops-cols_inherit tablets-cols_inherit mobiles-cols_1 valign_top type_default stacking_default\"><div class=\"wpb_column vc_column_container\"><div class=\"vc_column-inner\"><\/div><\/div><div class=\"wpb_column vc_column_container\"><div class=\"vc_column-inner\">[vc_empty_space height=&#8221;120px&#8221;]<div class=\"wpb_text_column\"><div class=\"wpb_wrapper\"><h2 style=\"text-align: center;\">AS VILLAS<br \/>\na arquitetura da luz e da privacidade<\/h2>\n<\/div><\/div>[vc_empty_space]<div class=\"wpb_text_column\"><div class=\"wpb_wrapper\"><p style=\"text-align: center; font-size: 16px; font-weight: 200;\">Concebidas para um apreciador moderno. Villas de dois pisos com 2 quartos, que combinam uma viv\u00eancia generosa interior-exterior com jardim privativo e terra\u00e7o. Aproveite uma sala de estar e cozinha luminosas e em open space que fluem harmoniosamente para o exterior, e depois retire-se para a privacidade tranquila dos quartos e terra\u00e7os superiores.<\/p>\n<\/div><\/div>[vc_empty_space height=&#8221;60px&#8221;]<div class=\"w-btn-wrapper align_center\"><a class=\"w-btn us-btn-style_4\" title=\"Lumina Villas\" href=\"https:\/\/luminavillasalgarve.com\/pt-pt\/lumina-villas-homepage-villas-no-algarve-carvoeiro\/#villas\"><span class=\"w-btn-label\">VER VILLAS<\/span><\/a><\/div>[vc_empty_space height=&#8221;120px&#8221;]<\/div><\/div><div class=\"wpb_column vc_column_container\"><div class=\"vc_column-inner\"><\/div><\/div><\/div><\/div><\/section><section class=\"l-section wpb_row us_custom_9865cc25 height_medium\" id=\"villas\"><div class=\"l-section-h i-cf\"><div class=\"g-cols vc_row via_grid cols_1-2-1 laptops-cols_inherit tablets-cols_inherit mobiles-cols_1 valign_top type_default stacking_default\"><div class=\"wpb_column vc_column_container hide_on_tablets hide_on_mobiles\"><div class=\"vc_column-inner\"><\/div><\/div><div class=\"wpb_column vc_column_container\"><div class=\"vc_column-inner\">[vc_empty_space height=&#8221;120px&#8221;]<div class=\"wpb_text_column\"><div class=\"wpb_wrapper\"><h2 style=\"text-align: center;\">DETALHES DA VILLA<\/h2>\n<\/div><\/div>[vc_empty_space]<div class=\"wpb_text_column\"><div class=\"wpb_wrapper\"><p style=\"text-align: center; font-size: 16px; font-weight: 200;\">Cada villa tem 100 metros quadrados de espa\u00e7o habit\u00e1vel meticulosamente concebido. O piso t\u00e9rreo abre-se para uma cozinha de estilo americano, com uma \u00e1rea de estar em plano aberto com acesso direto ao jardim \u2014 um palco para pequenos-almo\u00e7os tranquilos.<\/p>\n<\/div><\/div>[vc_empty_space height=&#8221;60px&#8221;]<\/div><\/div><div class=\"wpb_column vc_column_container hide_on_tablets hide_on_mobiles\"><div class=\"vc_column-inner\"><\/div><\/div><\/div><\/div><\/section><section class=\"l-section wpb_row us_custom_47177f42 height_medium width_full\"><div class=\"l-section-h i-cf\"><div class=\"g-cols vc_row via_grid cols_custom laptops-cols_inherit tablets-cols_inherit mobiles-cols_1 valign_middle type_default stacking_default\" style=\"--columns-gap:0rem;--custom-columns:0.5fr 5fr 0.5fr \"><div class=\"wpb_column vc_column_container\"><div class=\"vc_column-inner\"><\/div><\/div><div class=\"wpb_column vc_column_container\"><div class=\"vc_column-inner\">[vc_single_image image=&#8221;1622&#8243; img_size=&#8221;full&#8221; alignment=&#8221;center&#8221;]<div class=\"w-separator size_medium\"><\/div><\/div><\/div><div class=\"wpb_column vc_column_container\"><div class=\"vc_column-inner\"><\/div><\/div><\/div><\/div><\/section><section class=\"l-section wpb_row us_custom_759f8786 height_auto width_full\" id=\"interiors\"><div class=\"l-section-h i-cf\"><div class=\"g-cols vc_row via_grid cols_1 laptops-cols_inherit tablets-cols_inherit mobiles-cols_1 valign_top type_default stacking_default\"><div class=\"wpb_column vc_column_container\"><div class=\"vc_column-inner\"><div class=\"w-grid us_post_carousel type_carousel layout_gallery_default preload_style_spinner\" id=\"us_post_list_dba8\" style=\"--gap:1.5rem;\"><style>.layout_gallery_default .w-grid-item-h{}<\/style><div class=\"w-grid-list owl-carousel valign_stretch dotstyle_circle navstyle_circle arrows-ver-pos_middle arrows-hor-pos_on_sides_inside arrows-disabled_hide owl-responsive-2000 with_dots with_arrows\" style=\"--transition-duration:350ms;--arrows-size:2rem;--arrows-gap:10px;\">\t<article class=\"w-grid-item size_1x1 post-1638 attachment type-attachment status-inherit hentry\" data-id=\"1638\">\r\n\t\t<div class=\"w-grid-item-h\">\r\n\t\t\t\t\t\t<div class=\"w-post-elm post_image usg_post_image_1 stretched\"><img loading=\"lazy\" decoding=\"async\" width=\"1\" height=\"1\" src=\"https:\/\/luminavillasalgarve.com\/wp-content\/uploads\/2026\/01\/A17A6296-HDR.jpg\" class=\"attachment-large size-large\" alt=\"Lumina Villa in Carvoeiro\" \/><\/div>\t\t<\/div>\r\n\t\t\t<\/article>\r\n\t<article class=\"w-grid-item size_1x1 post-1640 attachment type-attachment status-inherit hentry\" data-id=\"1640\">\r\n\t\t<div class=\"w-grid-item-h\">\r\n\t\t\t\t\t\t<div class=\"w-post-elm post_image usg_post_image_1 stretched\"><img loading=\"lazy\" decoding=\"async\" width=\"1\" height=\"1\" src=\"https:\/\/luminavillasalgarve.com\/wp-content\/uploads\/2026\/01\/A17A6310-HDR.jpg\" class=\"attachment-large size-large\" alt=\"Lumina Villa in Carvoeiro\" \/><\/div>\t\t<\/div>\r\n\t\t\t<\/article>\r\n\t<article class=\"w-grid-item size_1x1 post-1642 attachment type-attachment status-inherit hentry\" data-id=\"1642\">\r\n\t\t<div class=\"w-grid-item-h\">\r\n\t\t\t\t\t\t<div class=\"w-post-elm post_image usg_post_image_1 stretched\"><img loading=\"lazy\" decoding=\"async\" width=\"1\" height=\"1\" src=\"https:\/\/luminavillasalgarve.com\/wp-content\/uploads\/2026\/01\/A17A6320.jpg\" class=\"attachment-large size-large\" alt=\"Lumina Villas in Carvoeiro\" \/><\/div>\t\t<\/div>\r\n\t\t\t<\/article>\r\n\t<article class=\"w-grid-item size_1x1 post-1644 attachment type-attachment status-inherit hentry\" data-id=\"1644\">\r\n\t\t<div class=\"w-grid-item-h\">\r\n\t\t\t\t\t\t<div class=\"w-post-elm post_image usg_post_image_1 stretched\"><img loading=\"lazy\" decoding=\"async\" width=\"1\" height=\"1\" src=\"https:\/\/luminavillasalgarve.com\/wp-content\/uploads\/2026\/01\/A17A6348.jpg\" class=\"attachment-large size-large\" alt=\"\" \/><\/div>\t\t<\/div>\r\n\t\t\t<\/article>\r\n\t<article class=\"w-grid-item size_1x1 post-1646 attachment type-attachment status-inherit hentry\" data-id=\"1646\">\r\n\t\t<div class=\"w-grid-item-h\">\r\n\t\t\t\t\t\t<div class=\"w-post-elm post_image usg_post_image_1 stretched\"><img loading=\"lazy\" decoding=\"async\" width=\"1\" height=\"1\" src=\"https:\/\/luminavillasalgarve.com\/wp-content\/uploads\/2026\/01\/A17A6358.jpg\" class=\"attachment-large size-large\" alt=\"Lumina Villas in Carvoeiro\" \/><\/div>\t\t<\/div>\r\n\t\t\t<\/article>\r\n\t<article class=\"w-grid-item size_1x1 post-1648 attachment type-attachment status-inherit hentry\" data-id=\"1648\">\r\n\t\t<div class=\"w-grid-item-h\">\r\n\t\t\t\t\t\t<div class=\"w-post-elm post_image usg_post_image_1 stretched\"><img loading=\"lazy\" decoding=\"async\" width=\"1\" height=\"1\" src=\"https:\/\/luminavillasalgarve.com\/wp-content\/uploads\/2026\/01\/A17A6367.jpg\" class=\"attachment-large size-large\" alt=\"Lumina Villas in Carvoeiro\" \/><\/div>\t\t<\/div>\r\n\t\t\t<\/article>\r\n<\/div><div class=\"w-grid-carousel-json hidden\" onclick='return {&quot;carousel_settings&quot;:{&quot;aria_labels&quot;:{&quot;prev&quot;:&quot;Anterior&quot;,&quot;next&quot;:&quot;Seguinte&quot;},&quot;autoplayContinual&quot;:false,&quot;autoplayHoverPause&quot;:false,&quot;autoplayTimeout&quot;:3000,&quot;autoWidth&quot;:false,&quot;smartSpeed&quot;:350,&quot;margin&quot;:0,&quot;mouseDrag&quot;:true,&quot;rtl&quot;:false,&quot;slideBy&quot;:&quot;1&quot;,&quot;touchDrag&quot;:true,&quot;slideTransition&quot;:&quot;&quot;,&quot;responsive&quot;:{&quot;0&quot;:{&quot;autoHeight&quot;:false,&quot;autoplay&quot;:false,&quot;autoWidth&quot;:false,&quot;center&quot;:false,&quot;dots&quot;:false,&quot;items&quot;:1,&quot;loop&quot;:false,&quot;nav&quot;:false,&quot;stagePadding&quot;:0,&quot;slideBy&quot;:&quot;1&quot;},&quot;601&quot;:{&quot;items&quot;:1,&quot;autoplay&quot;:false,&quot;center&quot;:false,&quot;dots&quot;:true,&quot;nav&quot;:true,&quot;autoHeight&quot;:false,&quot;autoWidth&quot;:false,&quot;loop&quot;:false,&quot;stagePadding&quot;:0}}}}'><\/div><\/div><div class=\"wpb_text_column\"><div class=\"wpb_wrapper\"><p style=\"text-align: center;\">Deslize para ver interiores<\/p>\n<\/div><\/div><\/div><\/div><\/div><\/div><\/section><section class=\"l-section wpb_row us_custom_5d28841a height_medium\"><div class=\"l-section-h i-cf\"><div class=\"g-cols vc_row via_grid cols_custom laptops-cols_inherit tablets-cols_inherit mobiles-cols_1 valign_top type_default stacking_default\" style=\"--custom-columns:0.5fr 2.5fr 2.5fr 0.5fr \"><div class=\"wpb_column vc_column_container\"><div class=\"vc_column-inner\"><\/div><\/div><div class=\"wpb_column vc_column_container us_custom_c5ac9e41\"><div class=\"vc_column-inner\"><div class=\"wpb_text_column us_custom_47c8406c\"><div class=\"wpb_wrapper\"><p style=\"text-align: center;\"><span style=\"color: #ffffff;\"> VILLA \u2013 DETALHES QUE CONTAM<br \/>\n<\/span><\/p>\n<\/div><\/div><div class=\"wpb_text_column\"><div class=\"wpb_wrapper\"><p style=\"text-align: center;\"><span style=\"color: #ffffff;\"> Layout: Villa de 2 pisos com 2 quartos<br \/>\n<\/span><\/p>\n<\/div><\/div><div class=\"wpb_text_column\"><div class=\"wpb_wrapper\"><p style=\"text-align: center;\"><span style=\"color: #ffffff;\">\u00c1rea Total: 100m\u00b2 distribu\u00eddos por dois n\u00edveis<\/span><\/p>\n<\/div><\/div><div class=\"wpb_text_column\"><div class=\"wpb_wrapper\"><p style=\"text-align: center;\"><span style=\"color: #ffffff;\">Espa\u00e7o Exterior: Jardim privativo de 106m\u00b2 + m\u00faltiplos terra\u00e7os<\/span><\/p>\n<\/div><\/div><div class=\"wpb_text_column\"><div class=\"wpb_wrapper\"><p style=\"text-align: center;\"><span style=\"color: #ffffff;\">Capacidade: Acomoda confortavelmente 4 pessoas<\/span><\/p>\n<\/div><\/div><div class=\"wpb_text_column\"><div class=\"wpb_wrapper\"><p style=\"text-align: center;\"><span style=\"color: #ffffff;\">Suite Principal: Cama queen size, casa de banho privativa com banheira de hidromassagem, varanda privada, ar condicionado<\/span><\/p>\n<\/div><\/div><div class=\"wpb_text_column\"><div class=\"wpb_wrapper\"><p style=\"text-align: center;\"><span style=\"color: #ffffff;\">Suite de H\u00f3spedes: Camas individuais, casa de banho partilhada, ar condicionado<\/span><\/p>\n<\/div><\/div><\/div><\/div><div class=\"wpb_column vc_column_container us_custom_c5ac9e41 vl hide_on_tablets hide_on_mobiles\"><div class=\"vc_column-inner\"><div class=\"wpb_text_column us_custom_449b28e5\"><div class=\"wpb_wrapper\"><p style=\"text-align: center;\"><span style=\"color: #ffffff;\"> OUTRAS ESPECIFICA\u00c7\u00d5ES DA VILLA<br \/>\n<\/span><\/p>\n<\/div><\/div><div class=\"wpb_text_column\"><div class=\"wpb_wrapper\"><p style=\"text-align: center;\"><span style=\"color: #ffffff;\">Espa\u00e7os Habitacionais: Sala\/sala de jantar em plano aberto, cozinha americana totalmente equipada<br \/>\n<\/span><\/p>\n<\/div><\/div><div class=\"wpb_text_column\"><div class=\"wpb_wrapper\"><p style=\"text-align: center;\"><span style=\"color: #ffffff;\">Climatiza\u00e7\u00e3o: Ar condicionado em todos os pisos<br \/>\n<\/span><\/p>\n<\/div><\/div><div class=\"wpb_text_column\"><div class=\"wpb_wrapper\"><p style=\"text-align: center;\"><span style=\"color: #ffffff;\">Entretenimento: TVs de ecr\u00e3 plano, WiFi de alta velocidade<br \/>\n<\/span><\/p>\n<\/div><\/div><div class=\"wpb_text_column\"><div class=\"wpb_wrapper\"><p style=\"text-align: center;\"><span style=\"color: #ffffff;\">Cozinha: M\u00e1quina de lavar loi\u00e7a, forno, micro-ondas, m\u00e1quina de caf\u00e9, m\u00e1quina de lavar roupa<\/span><\/p>\n<\/div><\/div><div class=\"wpb_text_column\"><div class=\"wpb_wrapper\"><p style=\"text-align: center;\"><span style=\"color: #ffffff;\">Voltagem: Aproximadamente 230V | Tomadas: Tipo F<\/span><\/p>\n<\/div><\/div><div class=\"wpb_text_column\"><div class=\"wpb_wrapper\"><p style=\"text-align: center;\"><span style=\"color: #ffffff;\">Exterior: Jardim privativo, m\u00faltiplos terra\u00e7os, zona de refei\u00e7\u00f5es ao ar livre<\/span><\/p>\n<\/div><\/div><div class=\"w-separator size_small\"><\/div><div class=\"w-separator size_small\"><\/div><\/div><\/div><div class=\"wpb_column vc_column_container\"><div class=\"vc_column-inner\"><\/div><\/div><\/div><\/div><\/section><section class=\"l-section wpb_row us_custom_ed84a527 height_medium\" id=\"imagespace\"><div class=\"l-section-h i-cf\"><div class=\"g-cols vc_row via_grid cols_3 laptops-cols_inherit tablets-cols_inherit mobiles-cols_1 valign_top type_default stacking_default\"><div class=\"wpb_column vc_column_container\"><div class=\"vc_column-inner\"><\/div><\/div><div class=\"wpb_column vc_column_container\"><div class=\"vc_column-inner\">[vc_empty_space]<div class=\"wpb_text_column\"><div class=\"wpb_wrapper\"><h2 style=\"text-align: center;\">CONFORTOS DO RESORT<\/h2>\n<\/div><\/div>[vc_empty_space]<div class=\"wpb_text_column\"><div class=\"wpb_wrapper\"><p style=\"text-align: center; font-size: 16px; font-weight: 200;\">A sua estadia inclui o melhor tipo de comodidade: aproveitar jardins e piscina para dias tranquilos, mais a privacidade da sua pr\u00f3pria villa. O condom\u00ednio inclui rece\u00e7\u00e3o, piscina comum, piscina para crian\u00e7as e parque infantil \u2014 para que todos tenham espa\u00e7o para se divertir e aproveitar.<\/p>\n<\/div><\/div>[vc_empty_space][vc_empty_space]<div class=\"w-btn-wrapper align_center\"><a class=\"w-btn us-btn-style_4\" title=\"Vendas\" href=\"https:\/\/www.secure-hotel-booking.com\/d-edge\/Lumina-Villas\/J6ZU\/pt-PT\/DateSelection\"><span class=\"w-btn-label\">RESERVE J\u00c1<\/span><\/a><\/div>[vc_empty_space]<\/div><\/div><div class=\"wpb_column vc_column_container\"><div class=\"vc_column-inner\"><\/div><\/div><\/div><\/div><\/section><section class=\"l-section wpb_row height_auto width_full with_img\" id=\"imagefullwidth\"><div class=\"l-section-img\" role=\"img\" aria-label=\"Imagem\" data-img-width=\"0\" data-img-height=\"0\" style=\"background-image: url(https:\/\/luminavillasalgarve.com\/wp-content\/uploads\/2026\/01\/A17A6496.jpg);\"><\/div><div class=\"l-section-overlay\" style=\"background:rgba(51,51,51,0.20)\"><\/div><div class=\"l-section-h i-cf\"><div class=\"g-cols vc_row via_grid cols_1 laptops-cols_inherit tablets-cols_inherit mobiles-cols_1 valign_top type_default stacking_default\" style=\"--columns-gap:1.1rem;\"><div class=\"wpb_column vc_column_container\"><div class=\"vc_column-inner\">[vc_empty_space height=&#8221;600px&#8221;]<\/div><\/div><\/div><\/div><\/section><section class=\"l-section wpb_row us_custom_5d28841a height_auto full_height valign_center width_full\"><div class=\"l-section-h i-cf\"><div class=\"g-cols vc_row via_grid cols_custom laptops-cols_inherit tablets-cols_inherit mobiles-cols_1 valign_middle type_default stacking_default\" style=\"--columns-gap:0rem;--custom-columns:0.5fr 2fr 0.5fr 2.5fr 0.5fr \"><div class=\"wpb_column vc_column_container\"><div class=\"vc_column-inner\"><\/div><\/div><div class=\"wpb_column vc_column_container us_custom_15ad39e0\"><div class=\"vc_column-inner\"><div class=\"w-separator size_huge\"><\/div><div class=\"w-separator size_huge\"><\/div><div class=\"wpb_text_column\"><div class=\"wpb_wrapper\"><h2 style=\"text-align: center;\"><span style=\"color: #ffffff;\">ENTRE FAL\u00c9SIAS E CULTURA<\/span><\/h2>\n<\/div><\/div>[vc_empty_space height=&#8221;62px&#8221;]<div class=\"wpb_text_column\"><div class=\"wpb_wrapper\"><p style=\"font-size: 16px; font-weight: 200; text-align: center;\"><span style=\"color: #ffffff;\">A localiza\u00e7\u00e3o \u00e9 destino, e o Lumina Villas ocupa a posi\u00e7\u00e3o mais privilegiada imagin\u00e1vel. Um passeio de 13 minutos leva-o at\u00e9 ao crescente dourado da Praia de Carvoeiro, enquanto o centro da vila \u2014 com as suas ruas de cal\u00e7ada, lojas, boutiques e restaurantes conhecidos \u2014 fica apenas a 14 minutos a p\u00e9. Estar perto, mas suficientemente longe define a vantagem Lumina: tranquilidade quando desejada, vida quando procurada. <\/span><\/p>\n<p style=\"font-size: 16px; font-weight: 200; text-align: center;\"><span style=\"color: #ffffff;\">Lumina Villas <\/span><\/p>\n<\/div><\/div><div class=\"w-separator size_huge\"><\/div><div class=\"w-separator size_huge\"><\/div><\/div><\/div><div class=\"wpb_column vc_column_container\"><div class=\"vc_column-inner\"><\/div><\/div><div class=\"wpb_column vc_column_container us_custom_e11ab399\"><div class=\"vc_column-inner\"><div class=\"w-separator size_huge\"><\/div><div class=\"w-image align_none\"><div class=\"w-image-h\"><img decoding=\"async\" width=\"736\" height=\"1104\" src=\"https:\/\/luminavillasalgarve.com\/wp-content\/uploads\/2026\/01\/518304614_10236536836943591_4284522638296096673_n-e1769432139700.jpg\" class=\"attachment-full size-full\" alt=\"Lumina Villas in Carvoeiro\" loading=\"lazy\" \/><\/div><\/div><div class=\"w-separator hide_on_tablets hide_on_mobiles size_huge\"><\/div><\/div><\/div><div class=\"wpb_column vc_column_container hide_on_tablets hide_on_mobiles\"><div class=\"vc_column-inner\"><\/div><\/div><\/div><\/div><\/section><section class=\"l-section wpb_row height_auto full_height valign_center\"><div class=\"l-section-h i-cf\"><div class=\"g-cols vc_row via_grid cols_custom laptops-cols_inherit tablets-cols_inherit mobiles-cols_1 valign_middle type_default stacking_default\" style=\"--columns-gap:2rem;--custom-columns:0.5fr 2.5fr 2.5fr 0.5fr \"><div class=\"wpb_column vc_column_container\"><div class=\"vc_column-inner\"><\/div><\/div><div class=\"wpb_column vc_column_container\"><div class=\"vc_column-inner\"><div class=\"w-image align_none\"><div class=\"w-image-h\"><img decoding=\"async\" width=\"1200\" height=\"675\" src=\"https:\/\/luminavillasalgarve.com\/wp-content\/uploads\/2026\/01\/carvoeiroalamy.webp\" class=\"attachment-full size-full\" alt=\"\" loading=\"lazy\" srcset=\"https:\/\/luminavillasalgarve.com\/wp-content\/uploads\/2026\/01\/carvoeiroalamy.webp 1200w, https:\/\/luminavillasalgarve.com\/wp-content\/uploads\/2026\/01\/carvoeiroalamy-300x169.webp 300w, https:\/\/luminavillasalgarve.com\/wp-content\/uploads\/2026\/01\/carvoeiroalamy-1024x576.webp 1024w, https:\/\/luminavillasalgarve.com\/wp-content\/uploads\/2026\/01\/carvoeiroalamy-240x135.webp 240w, https:\/\/luminavillasalgarve.com\/wp-content\/uploads\/2026\/01\/carvoeiroalamy-600x338.webp 600w\" sizes=\"auto, (max-width: 1200px) 100vw, 1200px\" \/><\/div><\/div><div class=\"wpb_text_column\"><div class=\"wpb_wrapper\"><p style=\"text-align: center;\">Carvoeiro<\/p>\n<\/div><\/div><\/div><\/div><div class=\"wpb_column vc_column_container stretched\"><div class=\"vc_column-inner\"><div class=\"w-separator size_large\"><\/div><div class=\"w-image align_none\"><div class=\"w-image-h\"><img decoding=\"async\" width=\"444\" height=\"666\" src=\"https:\/\/luminavillasalgarve.com\/wp-content\/uploads\/2026\/01\/Carvoeiro-Vertical.jpg\" class=\"attachment-full size-full\" alt=\"\" loading=\"lazy\" srcset=\"https:\/\/luminavillasalgarve.com\/wp-content\/uploads\/2026\/01\/Carvoeiro-Vertical.jpg 444w, https:\/\/luminavillasalgarve.com\/wp-content\/uploads\/2026\/01\/Carvoeiro-Vertical-200x300.jpg 200w, https:\/\/luminavillasalgarve.com\/wp-content\/uploads\/2026\/01\/Carvoeiro-Vertical-160x240.jpg 160w, https:\/\/luminavillasalgarve.com\/wp-content\/uploads\/2026\/01\/Carvoeiro-Vertical-267x400.jpg 267w\" sizes=\"auto, (max-width: 444px) 100vw, 444px\" \/><\/div><\/div><div class=\"w-separator size_large\"><\/div><\/div><\/div><div class=\"wpb_column vc_column_container\"><div class=\"vc_column-inner\"><\/div><\/div><\/div><\/div><\/section><section class=\"l-section wpb_row us_custom_4fb9e5a3 height_medium\" id=\"lifestyle\"><div class=\"l-section-h i-cf\"><div class=\"g-cols vc_row via_grid cols_3 laptops-cols_inherit tablets-cols_inherit mobiles-cols_1 valign_top type_default stacking_default\"><div class=\"wpb_column vc_column_container hide_on_tablets hide_on_mobiles\"><div class=\"vc_column-inner\"><\/div><\/div><div class=\"wpb_column vc_column_container\"><div class=\"vc_column-inner\">[vc_empty_space height=&#8221;60px&#8221;]<div class=\"wpb_text_column\"><div class=\"wpb_wrapper\"><h2 style=\"text-align: center;\">MARAVILHAS NATURAIS &amp; EXPERI\u00caNCIAS<\/h2>\n<\/div><\/div>[vc_empty_space]<div class=\"wpb_text_column\"><div class=\"wpb_wrapper\"><p style=\"text-align: center;\">As lend\u00e1rias Grutas de Benagil aguardam a apenas oito minutos de carro, os seus espa\u00e7os semelhantes a catedrais esculpidas por mil\u00e9nios de mar\u00e9s atl\u00e2nticas. O Trilho dos Sete Vales Suspensos \u2014 votado entre os percursos costeiros mais bonitos da Europa \u2014 come\u00e7a a cinco minutos de carro, prometendo vistas \u00e9picas de fal\u00e9sias e enseadas escondidas acess\u00edveis apenas a quem sabe onde procurar. As ic\u00f3nicas forma\u00e7\u00f5es rochosas do Algar Seco, completas com os famosos &#8220;Olhos da Boneca&#8221; e bar na fal\u00e9sia, oferecem um p\u00f4r do sol que raia o extraordin\u00e1rio.<\/p>\n<\/div><\/div>[vc_empty_space height=&#8221;60px&#8221;]<div class=\"w-btn-wrapper align_center\"><a class=\"w-btn us-btn-style_4\" title=\"Lumina Villas Galeria\" href=\"https:\/\/luminavillasalgarve.com\/pt-pt\/?page_id=938\"><span class=\"w-btn-label\">VER GALERIA<\/span><\/a><\/div>[vc_empty_space height=&#8221;60px&#8221;]<\/div><\/div><div class=\"wpb_column vc_column_container\"><div class=\"vc_column-inner\"><\/div><\/div><\/div><\/div><\/section><section class=\"l-section wpb_row height_auto width_full with_img\" id=\"imagefullwidth\"><div class=\"l-section-img\" role=\"img\" aria-label=\"Imagem\" data-img-width=\"1200\" data-img-height=\"594\" style=\"background-image: url(https:\/\/luminavillasalgarve.com\/wp-content\/uploads\/2026\/01\/Aerial-View-of-the-Trail-with-Praia-da-Corredoura.webp);\"><\/div><div class=\"l-section-h i-cf\"><div class=\"g-cols vc_row via_grid cols_1 laptops-cols_inherit tablets-cols_inherit mobiles-cols_1 valign_top type_default stacking_default\" style=\"--columns-gap:1.1rem;\"><div class=\"wpb_column vc_column_container\"><div class=\"vc_column-inner\">[vc_empty_space height=&#8221;600px&#8221;]<\/div><\/div><\/div><\/div><\/section><section class=\"l-section wpb_row us_custom_4edece6e height_auto width_full with_img\" id=\"imagefullwidth\"><div class=\"l-section-img\" role=\"img\" aria-label=\"Imagem\" data-img-width=\"0\" data-img-height=\"0\" style=\"background-image: url(https:\/\/luminavillasalgarve.com\/wp-content\/uploads\/2026\/01\/A17A6367.jpg);\"><\/div><div class=\"l-section-h i-cf\"><div class=\"g-cols vc_row via_grid cols_1 laptops-cols_inherit tablets-cols_inherit mobiles-cols_1 valign_top type_default stacking_default\" style=\"--columns-gap:1.1rem;\"><div class=\"wpb_column vc_column_container\"><div class=\"vc_column-inner\"><div class=\"wpb_text_column us_custom_8941bddd\"><div class=\"wpb_wrapper\"><p style=\"text-align: right;\"><span style=\"color: #000000;\">Trail dos 7 Vales Suspensos<\/span><\/p>\n<\/div><\/div><\/div><\/div><\/div><\/div><\/section><section class=\"l-section wpb_row height_auto full_height valign_center\"><div class=\"l-section-h i-cf\"><div class=\"g-cols vc_row via_grid cols_custom laptops-cols_inherit tablets-cols_inherit mobiles-cols_1 valign_middle type_default stacking_default\" style=\"--columns-gap:2rem;--custom-columns:0.5fr 2.5fr 2.5fr 0.5fr \"><div class=\"wpb_column vc_column_container\"><div class=\"vc_column-inner\"><\/div><\/div><div class=\"wpb_column vc_column_container\"><div class=\"vc_column-inner\"><div class=\"w-image align_none\"><div class=\"w-image-h\"><img decoding=\"async\" width=\"1200\" height=\"1200\" src=\"https:\/\/luminavillasalgarve.com\/wp-content\/uploads\/2026\/01\/Bengil.webp\" class=\"attachment-full size-full\" alt=\"\" loading=\"lazy\" srcset=\"https:\/\/luminavillasalgarve.com\/wp-content\/uploads\/2026\/01\/Bengil.webp 1200w, https:\/\/luminavillasalgarve.com\/wp-content\/uploads\/2026\/01\/Bengil-300x300.webp 300w, https:\/\/luminavillasalgarve.com\/wp-content\/uploads\/2026\/01\/Bengil-1024x1024.webp 1024w, https:\/\/luminavillasalgarve.com\/wp-content\/uploads\/2026\/01\/Bengil-150x150.webp 150w, https:\/\/luminavillasalgarve.com\/wp-content\/uploads\/2026\/01\/Bengil-240x240.webp 240w, https:\/\/luminavillasalgarve.com\/wp-content\/uploads\/2026\/01\/Bengil-400x400.webp 400w\" sizes=\"auto, (max-width: 1200px) 100vw, 1200px\" \/><\/div><\/div><div class=\"wpb_text_column\"><div class=\"wpb_wrapper\"><p style=\"text-align: center;\">Benagil Grutas<\/p>\n<\/div><\/div><\/div><\/div><div class=\"wpb_column vc_column_container stretched\"><div class=\"vc_column-inner\"><div class=\"w-separator size_large\"><\/div><div class=\"w-image align_none\"><div class=\"w-image-h\"><img decoding=\"async\" width=\"980\" height=\"735\" src=\"https:\/\/luminavillasalgarve.com\/wp-content\/uploads\/2026\/01\/969da4_674d760c23474b6f9e4b0260d60869e9.avif\" class=\"attachment-full size-full\" alt=\"\" loading=\"lazy\" \/><\/div><\/div><div class=\"wpb_text_column\"><div class=\"wpb_wrapper\"><p style=\"text-align: center;\">Restaurantes no Carvoeiro<\/p>\n<\/div><\/div><div class=\"w-separator size_large\"><\/div><\/div><\/div><div class=\"wpb_column vc_column_container\"><div class=\"vc_column-inner\"><\/div><\/div><\/div><\/div><\/section><section class=\"l-section wpb_row height_auto width_full\"><div class=\"l-section-h i-cf\"><div class=\"g-cols vc_row via_grid cols_1 laptops-cols_inherit tablets-cols_inherit mobiles-cols_1 valign_middle type_default stacking_default\" style=\"--columns-gap:0rem;\"><div class=\"wpb_column vc_column_container\"><div class=\"vc_column-inner\"><div class=\"w-separator size_large\"><\/div><\/div><\/div><\/div><\/div><\/section><section class=\"l-section wpb_row us_custom_734c0f1a height_medium full_height valign_center width_full with_img\"><div class=\"l-section-img\" role=\"img\" aria-label=\"Imagem\" data-img-width=\"1600\" data-img-height=\"900\" style=\"background-image: url(https:\/\/luminavillasalgarve.com\/wp-content\/uploads\/2026\/01\/BDS-13.jpg);background-position: center right;\"><\/div><div class=\"l-section-h i-cf\"><div class=\"g-cols vc_row via_grid cols_custom laptops-cols_inherit tablets-cols_inherit mobiles-cols_1 valign_middle type_default stacking_default\" style=\"--columns-gap:0rem;--custom-columns:0.5fr 5fr 0.5fr \"><div class=\"wpb_column vc_column_container\"><div class=\"vc_column-inner\"><\/div><\/div><div class=\"wpb_column vc_column_container\"><div class=\"vc_column-inner\">[vc_empty_space height=&#8221;600px&#8221;]<\/div><\/div><div class=\"wpb_column vc_column_container\"><div class=\"vc_column-inner\"><\/div><\/div><\/div><\/div><\/section><section class=\"l-section wpb_row us_custom_734c0f1a height_huge\"><div class=\"l-section-h i-cf\"><div class=\"g-cols vc_row via_grid cols_custom laptops-cols_inherit tablets-cols_inherit mobiles-cols_1 valign_top type_default stacking_default\" style=\"--custom-columns:1.5fr 3fr 1.5fr \"><div class=\"wpb_column vc_column_container\"><div class=\"vc_column-inner\"><\/div><\/div><div class=\"wpb_column vc_column_container\"><div class=\"vc_column-inner\"><div class=\"wpb_text_column\"><div class=\"wpb_wrapper\"><h2 style=\"text-align: left;\"><em><span style=\"color: #000000;\">&#8220;Localiza\u00e7\u00e3o perfeita \u2014 suficientemente perto para ir a p\u00e9 a restaurantes e praias incr\u00edveis, mas suficientemente longe para se sentir como um retiro privado. A equipa de gest\u00e3o foi excecional.&#8221; <\/span><\/em><\/h2>\n<p><em>Patr\u00edcia &#8211; Porto<\/em><\/p>\n<\/div><\/div><\/div><\/div><div class=\"wpb_column vc_column_container\"><div class=\"vc_column-inner\"><\/div><\/div><\/div><\/div><\/section><section class=\"l-section wpb_row height_huge\"><div class=\"l-section-h i-cf\"><div class=\"g-cols vc_row via_grid cols_3 laptops-cols_inherit tablets-cols_inherit mobiles-cols_1 valign_top type_default stacking_default\"><div class=\"wpb_column vc_column_container\"><div class=\"vc_column-inner\"><\/div><\/div><div class=\"wpb_column vc_column_container\"><div class=\"vc_column-inner\"><div class=\"wpb_text_column\"><div class=\"wpb_wrapper\"><h2 style=\"text-align: center;\">SEJA PROPRIET\u00c1RIO NO LUMINA VILLAS<\/h2>\n<\/div><\/div>[vc_empty_space height=&#8221;60px&#8221;]<div class=\"wpb_text_column\"><div class=\"wpb_wrapper\"><p style=\"text-align: center;\">Localizadas em lotes privados e especialmente concebidas para a vida social quotidiana, estas resid\u00eancias familiares privadas oferecem 2-3 quartos no bel\u00edssimo Carvoeiro, no Algarve.<\/p>\n<p style=\"text-align: center;\">Com um design moderno e acabamentos de alta qualidade, estas casas est\u00e3o integradas na beleza natural da vila e ficam a uma curta dist\u00e2ncia a p\u00e9 das infraestruturas e servi\u00e7os que beneficiam os propriet\u00e1rios no Lumina Villas.<\/p>\n<\/div><\/div>[vc_empty_space height=&#8221;60px&#8221;]<div class=\"wpb_text_column\"><div class=\"wpb_wrapper\"><h2 style=\"text-align: center;\">Saiba mais<\/h2>\n<\/div><\/div>[vc_empty_space height=&#8221;40px&#8221;]<div class=\"w-btn-wrapper align_center\"><a class=\"w-btn us-btn-style_4\" title=\"Lumina Villas - Brochura\" href=\"https:\/\/luminavillasalgarve.com\/wp-content\/uploads\/2026\/03\/Lumina-Brochura.pdf\"><span class=\"w-btn-label\">VER BROCHURA<\/span><\/a><\/div>[vc_empty_space height=&#8221;40px&#8221;]<div class=\"w-btn-wrapper align_center\"><a class=\"w-btn us-btn-style_4\" title=\"Lumina Villas - Brochura\" href=\"https:\/\/luminavillasalgarve.com\/wp-content\/uploads\/2026\/03\/masterplan-0001.jpg\"><span class=\"w-btn-label\">MASTERPLAN<\/span><\/a><\/div>[vc_empty_space height=&#8221;40px&#8221;]<div class=\"w-btn-wrapper align_center\"><a class=\"w-btn us-btn-style_8\" title=\"Formul\u00e1rio de contacto - Lumina Villas\" href=\"https:\/\/luminavillasalgarve.com\/pt-pt\/form\/\"><span class=\"w-btn-label\">CONTACTE-NOS<\/span><\/a><\/div><\/div><\/div><div class=\"wpb_column vc_column_container\"><div class=\"vc_column-inner\"><\/div><\/div><\/div><\/div><\/section><section class=\"l-section wpb_row us_custom_ff3484f0 height_medium\"><div class=\"l-section-h i-cf\"><div class=\"g-cols vc_row via_grid cols_custom laptops-cols_inherit tablets-cols_inherit mobiles-cols_1 valign_top type_default stacking_default\" style=\"--custom-columns:0.5fr 2.5fr 2.5fr 0.5fr \"><div class=\"wpb_column vc_column_container\"><div class=\"vc_column-inner\"><\/div><\/div><div class=\"wpb_column vc_column_container us_custom_c5ac9e41\"><div class=\"vc_column-inner\"><div class=\"wpb_text_column us_custom_47c8406c\"><div class=\"wpb_wrapper\"><p style=\"text-align: center;\"><span style=\"color: #ffffff; font-weight: 200;\"> LOCALIZA\u00c7\u00c3O &#8211; DICAS<br \/>\n<\/span><\/p>\n<\/div><\/div><div class=\"wpb_text_column\"><div class=\"wpb_wrapper\"><p style=\"text-align: center;\"><span style=\"color: #ffffff; font-weight: 200;\"> Praia de Carvoeiro: 13 minutos a p\u00e9 \/ 3 minutos de carro<br \/>\n<\/span><\/p>\n<\/div><\/div><div class=\"wpb_text_column\"><div class=\"wpb_wrapper\"><p style=\"text-align: center;\"><span style=\"color: #ffffff; font-weight: 200;\">Centro da Vila: 13 minutos a p\u00e9 \/ 3 minutos de carro<\/span><\/p>\n<\/div><\/div><div class=\"wpb_text_column\"><div class=\"wpb_wrapper\"><p style=\"text-align: center;\"><span style=\"color: #ffffff; font-weight: 200;\">Grutas de Benagil: 7 km \/ 12 minutos<\/span><\/p>\n<\/div><\/div><div class=\"wpb_text_column\"><div class=\"wpb_wrapper\"><p style=\"text-align: center;\"><span style=\"color: #ffffff; font-weight: 200;\">Algar Seco: A p\u00e9<\/span><\/p>\n<\/div><\/div><div class=\"wpb_text_column\"><div class=\"wpb_wrapper\"><p style=\"text-align: center;\"><span style=\"color: #ffffff; font-weight: 200;\">Restaurante Bon Bon (Michelin): 5 minutos de carro<br \/>\n<\/span><\/p>\n<\/div><\/div><div class=\"wpb_text_column\"><div class=\"wpb_wrapper\"><p style=\"text-align: center;\"><span style=\"color: #ffffff; font-weight: 200;\">Slide &amp; Splash: 10 minutos de carro<br \/>\n<\/span><\/p>\n<\/div><\/div><div class=\"wpb_text_column\"><div class=\"wpb_wrapper\"><p style=\"text-align: center;\"><span style=\"color: #ffffff; font-weight: 200;\">Aeroporto de Faro: 45 minutos<br \/>\n<\/span><\/p>\n<\/div><\/div><\/div><\/div><div class=\"wpb_column vc_column_container vl hide_on_tablets hide_on_mobiles\"><div class=\"vc_column-inner\"><div class=\"wpb_text_column us_custom_449b28e5\"><div class=\"wpb_wrapper\"><p style=\"text-align: center;\"><span style=\"color: #ffffff;\"> CARACTER\u00cdSTICAS LUMINA VILLAS<br \/>\n<\/span><\/p>\n<\/div><\/div><div class=\"wpb_text_column\"><div class=\"wpb_wrapper\"><p style=\"text-align: center;\"><span style=\"color: #ffffff;\">Rece\u00e7\u00e3o e seguran\u00e7a<\/span><\/p>\n<\/div><\/div><div class=\"wpb_text_column\"><div class=\"wpb_wrapper\"><p style=\"text-align: center;\"><span style=\"color: #ffffff;\">Condom\u00ednio fechado com acesso controlado<br \/>\n<\/span><\/p>\n<\/div><\/div><div class=\"wpb_text_column\"><div class=\"wpb_wrapper\"><p style=\"text-align: center;\"><span style=\"color: #ffffff;\">Piscina comum<\/span><\/p>\n<\/div><\/div><div class=\"wpb_text_column\"><div class=\"wpb_wrapper\"><p style=\"text-align: center;\"><span style=\"color: #ffffff;\">Piscina para crian\u00e7as e parque infantil<br \/>\n<\/span><\/p>\n<\/div><\/div><div class=\"wpb_text_column\"><div class=\"wpb_wrapper\"><p style=\"text-align: center;\"><span style=\"color: #ffffff;\">Estacionamento privado com p\u00e9rgola de madeira<\/span><\/p>\n<\/div><\/div><div class=\"wpb_text_column\"><div class=\"wpb_wrapper\"><p style=\"text-align: center;\"><span style=\"color: #ffffff;\">Gerido profissionalmente pela KPI Hotel Management Services<br \/>\n<\/span><\/p>\n<\/div><\/div><\/div><\/div><div class=\"wpb_column vc_column_container\"><div class=\"vc_column-inner\"><\/div><\/div><\/div><\/div><\/section>\n","protected":false},"excerpt":{"rendered":"","protected":false},"author":5,"featured_media":1606,"parent":0,"menu_order":0,"comment_status":"closed","ping_status":"closed","template":"","meta":{"footnotes":""},"class_list":["post-1960","page","type-page","status-publish","has-post-thumbnail","hentry"],"yoast_head":"<!-- This site is optimized with the Yoast SEO plugin v27.2 - https:\/\/yoast.com\/product\/yoast-seo-wordpress\/ -->\n<title>Lumina Villas - Homepage - Villas no Algarve, Carvoeiro - Live the &ldquo;Sunny Easy Life&rdquo; at Lumina Villas in Carvoeiro, Algarve. An intimate, gated enclave of fully equipped townhouses in postcard-pretty Carvoeiro, designed for effortless indoor-outdoor living with private gardens and terraces. Book now to secure your preferred dates and create the Algarve holiday you&rsquo;ve been dreaming of.<\/title>\n<meta name=\"description\" content=\"Lumina Villas \u00e9 um resort privado com recep\u00e7\u00e3o, concebido para estadias e f\u00e9rias no Carvoeiro, Algarve. Ruas e jardins ligam as villas a espa\u00e7os exteriores \u2014 jardins privados, terra\u00e7os e varandas.\" \/>\n<meta name=\"robots\" content=\"index, follow, max-snippet:-1, max-image-preview:large, max-video-preview:-1\" \/>\n<link rel=\"canonical\" href=\"https:\/\/luminavillasalgarve.com\/pt-pt\/\" \/>\n<meta property=\"og:locale\" content=\"pt_PT\" \/>\n<meta property=\"og:type\" content=\"article\" \/>\n<meta property=\"og:title\" content=\"Lumina Villas - Aluguer F\u00e9rias Algarve Carvoeiro\" \/>\n<meta property=\"og:description\" content=\"Lumina Villas \u00e9 um resort privado com recep\u00e7\u00e3o, concebido para estadias e f\u00e9rias no Carvoeiro, Algarve. Ruas e jardins ligam as villas a espa\u00e7os exteriores \u2014 jardins privados, terra\u00e7os e varandas.\" \/>\n<meta property=\"og:url\" content=\"https:\/\/luminavillasalgarve.com\/pt-pt\/\" \/>\n<meta property=\"og:site_name\" content=\"Live the &ldquo;Sunny Easy Life&rdquo; at Lumina Villas in Carvoeiro, Algarve. An intimate, gated enclave of fully equipped townhouses in postcard-pretty Carvoeiro, designed for effortless indoor-outdoor living with private gardens and terraces. Book now to secure your preferred dates and create the Algarve holiday you&rsquo;ve been dreaming of.\" \/>\n<meta property=\"article:modified_time\" content=\"2026-03-09T19:45:58+00:00\" \/>\n<meta property=\"og:image\" content=\"https:\/\/luminavillasalgarve.com\/wp-content\/uploads\/2026\/01\/BDS-10.jpg\" \/>\n<meta name=\"twitter:card\" content=\"summary_large_image\" \/>\n<meta name=\"twitter:title\" content=\"Lumina Villas - Aluguer F\u00e9rias Algarve Carvoeiro\" \/>\n<meta name=\"twitter:description\" content=\"Lumina Villas is a private, gated resort with 24-hour reception designed for relaxed stays in Carvoeiro. Landscaped pathways, connect villas with outdoor spaces\u2014 private gardens, terraces and balconies.\" \/>\n<meta name=\"twitter:image\" content=\"https:\/\/luminavillasalgarve.com\/wp-content\/uploads\/2026\/01\/BDS-10.jpg\" \/>\n<meta name=\"twitter:label1\" content=\"Tempo estimado de leitura\" \/>\n\t<meta name=\"twitter:data1\" content=\"6 minutos\" \/>\n<script type=\"application\/ld+json\" class=\"yoast-schema-graph\">{\"@context\":\"https:\/\/schema.org\",\"@graph\":[{\"@type\":\"WebPage\",\"@id\":\"https:\/\/luminavillasalgarve.com\/pt-pt\/\",\"url\":\"https:\/\/luminavillasalgarve.com\/pt-pt\/\",\"name\":\"Lumina Villas - Homepage - Villas no Algarve, Carvoeiro - Live the &ldquo;Sunny Easy Life&rdquo; at Lumina Villas in Carvoeiro, Algarve. An intimate, gated enclave of fully equipped townhouses in postcard-pretty Carvoeiro, designed for effortless indoor-outdoor living with private gardens and terraces. Book now to secure your preferred dates and create the Algarve holiday you&rsquo;ve been dreaming of.\",\"isPartOf\":{\"@id\":\"https:\/\/luminavillasalgarve.com\/pt-pt\/#website\"},\"primaryImageOfPage\":{\"@id\":\"https:\/\/luminavillasalgarve.com\/pt-pt\/#primaryimage\"},\"image\":{\"@id\":\"https:\/\/luminavillasalgarve.com\/pt-pt\/#primaryimage\"},\"thumbnailUrl\":\"https:\/\/luminavillasalgarve.com\/wp-content\/uploads\/2026\/01\/BDS-10-1.jpg\",\"datePublished\":\"2026-01-27T16:04:15+00:00\",\"dateModified\":\"2026-03-09T19:45:58+00:00\",\"description\":\"Lumina Villas \u00e9 um resort privado com recep\u00e7\u00e3o, concebido para estadias e f\u00e9rias no Carvoeiro, Algarve. Ruas e jardins ligam as villas a espa\u00e7os exteriores \u2014 jardins privados, terra\u00e7os e varandas.\",\"breadcrumb\":{\"@id\":\"https:\/\/luminavillasalgarve.com\/pt-pt\/#breadcrumb\"},\"inLanguage\":\"pt-PT\",\"potentialAction\":[{\"@type\":\"ReadAction\",\"target\":[\"https:\/\/luminavillasalgarve.com\/pt-pt\/\"]}]},{\"@type\":\"ImageObject\",\"inLanguage\":\"pt-PT\",\"@id\":\"https:\/\/luminavillasalgarve.com\/pt-pt\/#primaryimage\",\"url\":\"https:\/\/luminavillasalgarve.com\/wp-content\/uploads\/2026\/01\/BDS-10-1.jpg\",\"contentUrl\":\"https:\/\/luminavillasalgarve.com\/wp-content\/uploads\/2026\/01\/BDS-10-1.jpg\",\"width\":1600,\"height\":900,\"caption\":\"Lumina Villas in Carvoeiro\"},{\"@type\":\"BreadcrumbList\",\"@id\":\"https:\/\/luminavillasalgarve.com\/pt-pt\/#breadcrumb\",\"itemListElement\":[{\"@type\":\"ListItem\",\"position\":1,\"name\":\"In\u00edcio\",\"item\":\"https:\/\/luminavillasalgarve.com\/pt-pt\/\"},{\"@type\":\"ListItem\",\"position\":2,\"name\":\"Lumina Villas &#8211; Homepage &#8211; Villas no Algarve, Carvoeiro\"}]},{\"@type\":\"WebSite\",\"@id\":\"https:\/\/luminavillasalgarve.com\/pt-pt\/#website\",\"url\":\"https:\/\/luminavillasalgarve.com\/pt-pt\/\",\"name\":\"Live the &ldquo;Sunny Easy Life&rdquo; at Lumina Villas in Carvoeiro, Algarve. An intimate, gated enclave of fully equipped townhouses in postcard-pretty Carvoeiro, designed for effortless indoor-outdoor living with private gardens and terraces. Book now to secure your preferred dates and create the Algarve holiday you&rsquo;ve been dreaming of.\",\"description\":\"A gated condominium in Algarve, Carvoeiro of townhouse-style villas with generous private gardens, terraces and balconies\u2014paired with resort facilities designed for relaxed family stays\",\"publisher\":{\"@id\":\"https:\/\/luminavillasalgarve.com\/pt-pt\/#organization\"},\"potentialAction\":[{\"@type\":\"SearchAction\",\"target\":{\"@type\":\"EntryPoint\",\"urlTemplate\":\"https:\/\/luminavillasalgarve.com\/pt-pt\/?s={search_term_string}\"},\"query-input\":{\"@type\":\"PropertyValueSpecification\",\"valueRequired\":true,\"valueName\":\"search_term_string\"}}],\"inLanguage\":\"pt-PT\"},{\"@type\":\"Organization\",\"@id\":\"https:\/\/luminavillasalgarve.com\/pt-pt\/#organization\",\"name\":\"Live the &ldquo;Sunny Easy Life&rdquo; at Lumina Villas in Carvoeiro, Algarve. An intimate, gated enclave of fully equipped townhouses in postcard-pretty Carvoeiro, designed for effortless indoor-outdoor living with private gardens and terraces. Book now to secure your preferred dates and create the Algarve holiday you&rsquo;ve been dreaming of.\",\"url\":\"https:\/\/luminavillasalgarve.com\/pt-pt\/\",\"logo\":{\"@type\":\"ImageObject\",\"inLanguage\":\"pt-PT\",\"@id\":\"https:\/\/luminavillasalgarve.com\/pt-pt\/#\/schema\/logo\/image\/\",\"url\":\"\",\"contentUrl\":\"\",\"caption\":\"Live the &ldquo;Sunny Easy Life&rdquo; at Lumina Villas in Carvoeiro, Algarve.  An intimate, gated enclave of fully equipped townhouses in postcard-pretty Carvoeiro, designed for effortless indoor-outdoor living with private gardens and terraces. Book now to secure your preferred dates and create the Algarve holiday you&rsquo;ve been dreaming of.\"},\"image\":{\"@id\":\"https:\/\/luminavillasalgarve.com\/pt-pt\/#\/schema\/logo\/image\/\"},\"sameAs\":[\"https:\/\/www.instagram.com\/herdademonteverde\/\"]}]}<\/script>\n<!-- \/ Yoast SEO plugin. -->","yoast_head_json":{"title":"Lumina Villas - Homepage - Villas no Algarve, Carvoeiro - Live the &ldquo;Sunny Easy Life&rdquo; at Lumina Villas in Carvoeiro, Algarve. An intimate, gated enclave of fully equipped townhouses in postcard-pretty Carvoeiro, designed for effortless indoor-outdoor living with private gardens and terraces. Book now to secure your preferred dates and create the Algarve holiday you&rsquo;ve been dreaming of.","description":"Lumina Villas \u00e9 um resort privado com recep\u00e7\u00e3o, concebido para estadias e f\u00e9rias no Carvoeiro, Algarve. Ruas e jardins ligam as villas a espa\u00e7os exteriores \u2014 jardins privados, terra\u00e7os e varandas.","robots":{"index":"index","follow":"follow","max-snippet":"max-snippet:-1","max-image-preview":"max-image-preview:large","max-video-preview":"max-video-preview:-1"},"canonical":"https:\/\/luminavillasalgarve.com\/pt-pt\/","og_locale":"pt_PT","og_type":"article","og_title":"Lumina Villas - Aluguer F\u00e9rias Algarve Carvoeiro","og_description":"Lumina Villas \u00e9 um resort privado com recep\u00e7\u00e3o, concebido para estadias e f\u00e9rias no Carvoeiro, Algarve. Ruas e jardins ligam as villas a espa\u00e7os exteriores \u2014 jardins privados, terra\u00e7os e varandas.","og_url":"https:\/\/luminavillasalgarve.com\/pt-pt\/","og_site_name":"Live the &ldquo;Sunny Easy Life&rdquo; at Lumina Villas in Carvoeiro, Algarve. An intimate, gated enclave of fully equipped townhouses in postcard-pretty Carvoeiro, designed for effortless indoor-outdoor living with private gardens and terraces. Book now to secure your preferred dates and create the Algarve holiday you&rsquo;ve been dreaming of.","article_modified_time":"2026-03-09T19:45:58+00:00","og_image":[{"url":"https:\/\/luminavillasalgarve.com\/wp-content\/uploads\/2026\/01\/BDS-10.jpg","type":"","width":"","height":""}],"twitter_card":"summary_large_image","twitter_title":"Lumina Villas - Aluguer F\u00e9rias Algarve Carvoeiro","twitter_description":"Lumina Villas is a private, gated resort with 24-hour reception designed for relaxed stays in Carvoeiro. Landscaped pathways, connect villas with outdoor spaces\u2014 private gardens, terraces and balconies.","twitter_image":"https:\/\/luminavillasalgarve.com\/wp-content\/uploads\/2026\/01\/BDS-10.jpg","twitter_misc":{"Tempo estimado de leitura":"6 minutos"},"schema":{"@context":"https:\/\/schema.org","@graph":[{"@type":"WebPage","@id":"https:\/\/luminavillasalgarve.com\/pt-pt\/","url":"https:\/\/luminavillasalgarve.com\/pt-pt\/","name":"Lumina Villas - Homepage - Villas no Algarve, Carvoeiro - Live the &ldquo;Sunny Easy Life&rdquo; at Lumina Villas in Carvoeiro, Algarve. An intimate, gated enclave of fully equipped townhouses in postcard-pretty Carvoeiro, designed for effortless indoor-outdoor living with private gardens and terraces. Book now to secure your preferred dates and create the Algarve holiday you&rsquo;ve been dreaming of.","isPartOf":{"@id":"https:\/\/luminavillasalgarve.com\/pt-pt\/#website"},"primaryImageOfPage":{"@id":"https:\/\/luminavillasalgarve.com\/pt-pt\/#primaryimage"},"image":{"@id":"https:\/\/luminavillasalgarve.com\/pt-pt\/#primaryimage"},"thumbnailUrl":"https:\/\/luminavillasalgarve.com\/wp-content\/uploads\/2026\/01\/BDS-10-1.jpg","datePublished":"2026-01-27T16:04:15+00:00","dateModified":"2026-03-09T19:45:58+00:00","description":"Lumina Villas \u00e9 um resort privado com recep\u00e7\u00e3o, concebido para estadias e f\u00e9rias no Carvoeiro, Algarve. Ruas e jardins ligam as villas a espa\u00e7os exteriores \u2014 jardins privados, terra\u00e7os e varandas.","breadcrumb":{"@id":"https:\/\/luminavillasalgarve.com\/pt-pt\/#breadcrumb"},"inLanguage":"pt-PT","potentialAction":[{"@type":"ReadAction","target":["https:\/\/luminavillasalgarve.com\/pt-pt\/"]}]},{"@type":"ImageObject","inLanguage":"pt-PT","@id":"https:\/\/luminavillasalgarve.com\/pt-pt\/#primaryimage","url":"https:\/\/luminavillasalgarve.com\/wp-content\/uploads\/2026\/01\/BDS-10-1.jpg","contentUrl":"https:\/\/luminavillasalgarve.com\/wp-content\/uploads\/2026\/01\/BDS-10-1.jpg","width":1600,"height":900,"caption":"Lumina Villas in Carvoeiro"},{"@type":"BreadcrumbList","@id":"https:\/\/luminavillasalgarve.com\/pt-pt\/#breadcrumb","itemListElement":[{"@type":"ListItem","position":1,"name":"In\u00edcio","item":"https:\/\/luminavillasalgarve.com\/pt-pt\/"},{"@type":"ListItem","position":2,"name":"Lumina Villas &#8211; Homepage &#8211; Villas no Algarve, Carvoeiro"}]},{"@type":"WebSite","@id":"https:\/\/luminavillasalgarve.com\/pt-pt\/#website","url":"https:\/\/luminavillasalgarve.com\/pt-pt\/","name":"Live the &ldquo;Sunny Easy Life&rdquo; at Lumina Villas in Carvoeiro, Algarve. An intimate, gated enclave of fully equipped townhouses in postcard-pretty Carvoeiro, designed for effortless indoor-outdoor living with private gardens and terraces. Book now to secure your preferred dates and create the Algarve holiday you&rsquo;ve been dreaming of.","description":"A gated condominium in Algarve, Carvoeiro of townhouse-style villas with generous private gardens, terraces and balconies\u2014paired with resort facilities designed for relaxed family stays","publisher":{"@id":"https:\/\/luminavillasalgarve.com\/pt-pt\/#organization"},"potentialAction":[{"@type":"SearchAction","target":{"@type":"EntryPoint","urlTemplate":"https:\/\/luminavillasalgarve.com\/pt-pt\/?s={search_term_string}"},"query-input":{"@type":"PropertyValueSpecification","valueRequired":true,"valueName":"search_term_string"}}],"inLanguage":"pt-PT"},{"@type":"Organization","@id":"https:\/\/luminavillasalgarve.com\/pt-pt\/#organization","name":"Live the &ldquo;Sunny Easy Life&rdquo; at Lumina Villas in Carvoeiro, Algarve. An intimate, gated enclave of fully equipped townhouses in postcard-pretty Carvoeiro, designed for effortless indoor-outdoor living with private gardens and terraces. Book now to secure your preferred dates and create the Algarve holiday you&rsquo;ve been dreaming of.","url":"https:\/\/luminavillasalgarve.com\/pt-pt\/","logo":{"@type":"ImageObject","inLanguage":"pt-PT","@id":"https:\/\/luminavillasalgarve.com\/pt-pt\/#\/schema\/logo\/image\/","url":"","contentUrl":"","caption":"Live the &ldquo;Sunny Easy Life&rdquo; at Lumina Villas in Carvoeiro, Algarve.  An intimate, gated enclave of fully equipped townhouses in postcard-pretty Carvoeiro, designed for effortless indoor-outdoor living with private gardens and terraces. Book now to secure your preferred dates and create the Algarve holiday you&rsquo;ve been dreaming of."},"image":{"@id":"https:\/\/luminavillasalgarve.com\/pt-pt\/#\/schema\/logo\/image\/"},"sameAs":["https:\/\/www.instagram.com\/herdademonteverde\/"]}]}},"_links":{"self":[{"href":"https:\/\/luminavillasalgarve.com\/pt-pt\/wp-json\/wp\/v2\/pages\/1960","targetHints":{"allow":["GET"]}}],"collection":[{"href":"https:\/\/luminavillasalgarve.com\/pt-pt\/wp-json\/wp\/v2\/pages"}],"about":[{"href":"https:\/\/luminavillasalgarve.com\/pt-pt\/wp-json\/wp\/v2\/types\/page"}],"author":[{"embeddable":true,"href":"https:\/\/luminavillasalgarve.com\/pt-pt\/wp-json\/wp\/v2\/users\/5"}],"replies":[{"embeddable":true,"href":"https:\/\/luminavillasalgarve.com\/pt-pt\/wp-json\/wp\/v2\/comments?post=1960"}],"version-history":[{"count":4,"href":"https:\/\/luminavillasalgarve.com\/pt-pt\/wp-json\/wp\/v2\/pages\/1960\/revisions"}],"predecessor-version":[{"id":1964,"href":"https:\/\/luminavillasalgarve.com\/pt-pt\/wp-json\/wp\/v2\/pages\/1960\/revisions\/1964"}],"wp:featuredmedia":[{"embeddable":true,"href":"https:\/\/luminavillasalgarve.com\/pt-pt\/wp-json\/wp\/v2\/media\/1606"}],"wp:attachment":[{"href":"https:\/\/luminavillasalgarve.com\/pt-pt\/wp-json\/wp\/v2\/media?parent=1960"}],"curies":[{"name":"wp","href":"https:\/\/api.w.org\/{rel}","templated":true}]}}